{"id":131798,"date":"2021-10-21T18:35:57","date_gmt":"2021-10-21T18:35:57","guid":{"rendered":"https:\/\/www.comreg.ie\/tionsclaiocht\/sabhailteacht-tairgi\/resources\/"},"modified":"2024-11-19T02:31:57","modified_gmt":"2024-11-19T02:31:57","slug":"acmhainni","status":"publish","type":"page","link":"https:\/\/www.comreg.ie\/ga\/tionsclaiocht\/sabhailteacht-tairgi\/acmhainni\/","title":{"rendered":"Acmhainn\u00ed"},"content":{"rendered":"<p>&nbsp;<\/p>\n<p><a href=\"#trealamh-raidio\"><strong>Rialach\u00e1in maidir le Trealamh raidi\u00f3<\/strong><\/a><\/p>\n<p><a href=\"#tairgi-comhcheangailte\"><strong>T\u00e1irg\u00ed Comhcheangailte \u2013 Treoir \u00cdsealvoltais<\/strong><\/a><\/p>\n<p><a href=\"#chomhoiriunacht-leictreamaighneadach\"><strong>Rialach\u00e1in um Chomhoiri\u00fanacht Leictreamaighn\u00e9adach<\/strong><\/a><\/p>\n<p><a href=\"#rialachain-fhaireachas-margaidh\"><strong>Na Rialach\u00e1in um Fhaireachas Margaidh<\/strong><\/a><\/p>\n<p><a href=\"#rialachain-eile-fhaireachas-margaidh\"><strong>Rialach\u00e1in eile um Fhaireachas Margaidh<\/strong><\/a><\/p>\n<p><a href=\"#margadh-eorpach-aonair\"><strong>Margadh Eorpach Aonair<\/strong><\/a><\/p>\n<p><a href=\"#rapex\"><strong>RAPEX agus ICSMS<\/strong><\/a><\/p>\n<p><a href=\"#tuarascail-bhliantuil\"><strong>Tuarasc\u00e1il Bhliant\u00fail SII 2020 \u2013 2021<\/strong><\/a><\/p>\n<p>&nbsp;<\/p>\n<p><strong>\u00a0<\/strong><\/p>\n<p><strong><a id=\"trealamh-raidio\"><\/a>Rialach\u00e1in maidir le Trealamh raidi\u00f3<\/strong><\/p>\n<p>Is \u00e9 ComReg an t\u00dadar\u00e1s Faireachais Margaidh ainmnithe maidir leis an <a href=\"https:\/\/ec.europa.eu\/growth\/sectors\/electrical-and-electronic-engineering-industries-eei\/radio-equipment-directive-red_en\" target=\"_blank\" rel=\"noopener\">Treoir Trealamh Raidi\u00f3 2014\/53\/AE (\u201cRED\u201d)<\/a>.<\/p>\n<p>D\u00e9antar an RED a thrasu\u00edomh i ndl\u00ed <a href=\"https:\/\/www.irishstatutebook.ie\/eli\/2017\/si\/248\/made\/en\/print\" target=\"_blank\" rel=\"noopener\">na h\u00c9ireann tr\u00ed Rialach\u00e1in an Aontais Eorpaigh (Trealamh Raidi\u00f3) 2017 (S.I. Uimh. 248\/2017) (\u201cRialach\u00e1in RE\u201d)<\/a>, a bhuna\u00edonn creat rial\u00e1la chun trealamh raidi\u00f3 a chur ar an margadh.<\/p>\n<p>&nbsp;<\/p>\n<p><strong><a id=\"tairgi-comhcheangailte\"><\/a>T\u00e1irg\u00ed Comhcheangailte \u2013 Treoir \u00cdsealvoltais<\/strong><\/p>\n<p>D\u00e9antar <a href=\"https:\/\/ec.europa.eu\/growth\/sectors\/electrical-and-electronic-engineering-industries-eei\/low-voltage-directive-lvd_en\" target=\"_blank\" rel=\"noopener\">an Treoir \u00cdsealvoltais (LVD)<\/a> a thrasu\u00edomh i ndl\u00ed na h\u00c9ireann tr\u00ed Rialach\u00e1in an <a href=\"https:\/\/www.irishstatutebook.ie\/eli\/2016\/si\/345\/made\/en\/print\" target=\"_blank\" rel=\"noopener\">Aontais Eorpaigh (Trealamh Leictreach \u00cdsealvoltais) 2016 (S.I. 345\/2016) <strong>(na \u201cRialach\u00e1in LV\u201d<\/strong>)<\/a>.<\/p>\n<p>Is \u00e9 an <a href=\"http:\/\/www.ccpc.ie\">CCPC<\/a> an t\u00dadar\u00e1s um Fhaireachas Margaidh i leith na Treorach \u00cdsealvoltais.<\/p>\n<p>M\u00e1 ghreama\u00edtear comh\u00e9adan raidi\u00f3 go buan de th\u00e1irge LVD, \u00e1fach, tagann an t\u00e1irge faoi raon feidhme an RED ansin agus is \u00e9 ComReg an t\u00dadar\u00e1s um Fhaireachas Margaidh, beag beann ar na teorainneacha voltais.<\/p>\n<p>&nbsp;<\/p>\n<p><strong><a id=\"chomhoiriunacht-leictreamaighneadach\"><\/a>Rialach\u00e1in um Chomhoiri\u00fanacht Leictreamaighn\u00e9adach<\/strong><\/p>\n<p>T\u00e1 s\u00e9 mar aidhm ag Treoir EMC a chinnti\u00fa nach ngintear trealamh leictreach agus leictreonach, agus nach gcuireann suaitheadh leictreamaighn\u00e9adach isteach air. Cuireann treoir EMC teorainn le hasta\u00edochta\u00ed leictreamaighn\u00e9adacha neamhbheartaithe \u00f3 threalamh chun a chinnti\u00fa, nuair a \u00fas\u00e1idtear \u00e9 mar a bh\u00ed beartaithe, nach gcuirfidh an trealamh isteach ar an raidi\u00f3 agus ar an teileachumars\u00e1id n\u00e1 ar threalamh eile. Riala\u00edonn an treoir freisin d\u00edol\u00faine trealaimh den s\u00f3rt sin chun trasna\u00edochta agus f\u00e9achtar lena chinnti\u00fa nach gcuirfidh asta\u00edochta\u00ed raidi\u00f3 isteach ar an trealamh seo, nuair a \u00fas\u00e1idtear \u00e9 mar a bh\u00ed beartaithe.<\/p>\n<p>D\u00e9antar an EMCD a thrasu\u00edomh i ndl\u00ed na h\u00c9ireann tr\u00ed Rialach\u00e1in an <a href=\"https:\/\/www.irishstatutebook.ie\/eli\/2017\/si\/69\/made\/en\/print\" target=\"_blank\" rel=\"noopener\">Aontais Eorpaigh (Comhoiri\u00fanacht Leictreamaighn\u00e9adach) 2017 (S.I. Uimh. 69\/2017) (\u201cRialach\u00e1in EMC\u201d)<\/a> agus buna\u00edtear creat rial\u00e1la chun trealamh a chur ar an margadh tr\u00ed cheanglais riachtanacha a leagan s\u00edos maidir le gach p\u00edosa trealaimh.<\/p>\n<p>Is \u00e9 ComReg an t\u00dadar\u00e1s um Fhaireachas Margaidh ainmnithe maidir le <a href=\"https:\/\/ec.europa.eu\/growth\/sectors\/electrical-and-electronic-engineering-industries-eei\/electromagnetic-compatibility-emc_en\" target=\"_blank\" rel=\"noopener\">Treoir EMC 2014\/30\/AE (\u201cEMCD\u201d)<\/a>.<\/p>\n<p>&nbsp;<\/p>\n<p><strong><a id=\"rialachain-fhaireachas-margaidh\"><\/a>Na Rialach\u00e1in um Fhaireachas Margaidh<\/strong><\/p>\n<p><a href=\"https:\/\/eur-lex.europa.eu\/legal-content\/EN\/TXT\/?uri=celex:32019R1020\" target=\"_blank\" rel=\"noopener\">Foils\u00edodh an Rialach\u00e1n nua maidir le Faireachas Margaidh (AE) 2019\/1020 (\u201cMSR\u201d)<\/a> maidir le faireachas margaidh agus comhl\u00edonadh t\u00e1irg\u00ed agus lena leasa\u00edtear <a href=\"https:\/\/eur-lex.europa.eu\/legal-content\/EN\/TXT\/?uri=celex%3A32004L0042\" target=\"_blank\" rel=\"noopener\">Treoir 2004\/42\/CE<\/a> agus <a href=\"https:\/\/eur-lex.europa.eu\/LexUriServ\/LexUriServ.do?uri=OJ:L:2008:218:0030:0047:en:PDF\" target=\"_blank\" rel=\"noopener\">Rialach\u00e1in (CE) Uimh. 765\/2008<\/a> agus <a href=\"https:\/\/eur-lex.europa.eu\/legal-content\/EN\/TXT\/?uri=celex%3A32011R0305\" target=\"_blank\" rel=\"noopener\">(AE) Uimh. 305\/2011<\/a> in 2019 chun faireachas margaidh a fheabhs\u00fa agus a nuach\u00f3iri\u00fa.<\/p>\n<p>Leasa\u00edtear na Rialach\u00e1in RE agus na Rialach\u00e1in EMC chun \u00e9ifeacht a thabhairt do na Rialach\u00e1in um Fhaireachas Margaidh.<\/p>\n<p>&nbsp;<\/p>\n<p><strong><a id=\"rialachain-eile-fhaireachas-margaidh\"><\/a>Rialach\u00e1in eile um Fhaireachas Margaidh<\/strong><\/p>\n<p>Is f\u00e9idir \u00dadar\u00e1is Faireachais Margaidh na h\u00c9ireann mar aon lena bhfreagrachta\u00ed faoi ph\u00edosa\u00ed \u00e9ags\u00fala de reachta\u00edocht s\u00e1bh\u00e1ilteachta t\u00e1irg\u00ed an AE a l\u00e9amh <a href=\"https:\/\/enterprise.gov.ie\/en\/Publications\/Irish-Market-Surveillance-Authorities.html\" target=\"_blank\" rel=\"noopener\">anseo<\/a>.<\/p>\n<p>&nbsp;<\/p>\n<p><strong><a id=\"margadh-eorpach-aonair\"><\/a>Margadh Eorpach Aonair<\/strong><\/p>\n<p>Is \u00e9ard at\u00e1 sa <a href=\"https:\/\/ec.europa.eu\/growth\/index_en\" target=\"_blank\" rel=\"noopener\">Mhargadh Eorpach Aonair, sa Mhargadh Inmhe\u00e1nach<\/a> n\u00f3 sa Ch\u00f3mhargadh margadh aonair a chuims\u00edonn 27 mBallst\u00e1t an Aontais Eorpaigh agus \u2013 le heisceachta\u00ed \u00e1irithe \u2013 an \u00cdoslainn, Lichtinst\u00e9in, agus an Iorua tr\u00edd an gComhaont\u00fa ar an Limist\u00e9ar Eorpach Eacnama\u00edoch, agus an Eilv\u00e9is tr\u00ed bh\u00edthin an Chomhaontaithe ar an Limist\u00e9ar Eorpach Eacnama\u00edoch.<\/p>\n<p><strong>\u00a0<\/strong><\/p>\n<p><strong><a id=\"rapex\"><\/a>RAPEX agus ICSMS<\/strong><\/p>\n<p>Sol\u00e1thra\u00edonn an AE uirlis\u00ed f\u00f3gartha amhail <a href=\"https:\/\/webgate.ec.europa.eu\/icsms\/\" target=\"_blank\" rel=\"noopener\">ICSMS<\/a> agus <a href=\"https:\/\/ec.europa.eu\/safety-gate-alerts\/screen\/webReport\">RAPEX\/Safety Gate<\/a> chun a chinnti\u00fa go roinntear faisn\u00e9is ar th\u00e1irg\u00ed neamhchomhl\u00edontacha go tr\u00e1th\u00fail, rud a chuireann ar chumas na n-\u00fadar\u00e1s \u00e1bhartha um fhaireachas margaidh gn\u00edomha\u00edocht iomchu\u00ed a dh\u00e9anamh.<\/p>\n<p><strong>\u00a0<\/strong><\/p>\n<p><strong><a id=\"tuarascail-bhliantuil\"><\/a>Tuarasc\u00e1il Bhliant\u00fail SII 2020 \u2013 2021<\/strong><\/p>\n<p>Sol\u00e1thra\u00edonn ComReg faisn\u00e9is ar obair faireachais margaidh a tugadh chun cr\u00edche ar th\u00e1irg\u00ed raidi\u00f3-chumars\u00e1ide don tr\u00e9imhse tuairiscithe agus pleananna go dt\u00ed I\u00fail 2022<\/p>\n","protected":false},"excerpt":{"rendered":"<p>&nbsp; Rialach\u00e1in maidir le Trealamh raidi\u00f3 T\u00e1irg\u00ed Comhcheangailte \u2013 Treoir \u00cdsealvoltais Rialach\u00e1in um Chomhoiri\u00fanacht Leictreamaighn\u00e9adach Na Rialach\u00e1in um Fhaireachas Margaidh Rialach\u00e1in eile um Fhaireachas Margaidh &hellip; <a href=\"https:\/\/www.comreg.ie\/ga\/tionsclaiocht\/sabhailteacht-tairgi\/acmhainni\/\"><\/a><\/p>\n","protected":false},"author":71,"featured_media":0,"parent":90465,"menu_order":4,"comment_status":"closed","ping_status":"closed","template":"templates\/template-topic-pages-noanchors.php","meta":{"_acf_changed":false,"_relevanssi_hide_post":"","_relevanssi_hide_content":"","_relevanssi_pin_for_all":"","_relevanssi_pin_keywords":"","_relevanssi_unpin_keywords":"","_relevanssi_related_keywords":"","_relevanssi_related_include_ids":"","_relevanssi_related_exclude_ids":"","_relevanssi_related_no_append":"","_relevanssi_related_not_related":"","_relevanssi_related_posts":"","_relevanssi_noindex_reason":"","footnotes":"","_wp_rev_ctl_limit":""},"class_list":["post-131798","page","type-page","status-publish","hentry","page_category-industry"],"acf":[],"aioseo_notices":[],"_links":{"self":[{"href":"https:\/\/www.comreg.ie\/ga\/wp-json\/wp\/v2\/pages\/131798","targetHints":{"allow":["GET"]}}],"collection":[{"href":"https:\/\/www.comreg.ie\/ga\/wp-json\/wp\/v2\/pages"}],"about":[{"href":"https:\/\/www.comreg.ie\/ga\/wp-json\/wp\/v2\/types\/page"}],"author":[{"embeddable":true,"href":"https:\/\/www.comreg.ie\/ga\/wp-json\/wp\/v2\/users\/71"}],"replies":[{"embeddable":true,"href":"https:\/\/www.comreg.ie\/ga\/wp-json\/wp\/v2\/comments?post=131798"}],"version-history":[{"count":8,"href":"https:\/\/www.comreg.ie\/ga\/wp-json\/wp\/v2\/pages\/131798\/revisions"}],"predecessor-version":[{"id":132116,"href":"https:\/\/www.comreg.ie\/ga\/wp-json\/wp\/v2\/pages\/131798\/revisions\/132116"}],"up":[{"embeddable":true,"href":"https:\/\/www.comreg.ie\/ga\/wp-json\/wp\/v2\/pages\/90465"}],"wp:attachment":[{"href":"https:\/\/www.comreg.ie\/ga\/wp-json\/wp\/v2\/media?parent=131798"}],"curies":[{"name":"wp","href":"https:\/\/api.w.org\/{rel}","templated":true}]}}